{"id":11965,"date":"2025-05-14T10:03:27","date_gmt":"2025-05-14T13:03:27","guid":{"rendered":"https:\/\/ifatbrasil.com.br\/?post_type=_programacao&#038;p=11965"},"modified":"2025-05-30T11:29:46","modified_gmt":"2025-05-30T14:29:46","slug":"economia-circular-gestion-de-residuos","status":"publish","type":"_programacao","link":"https:\/\/ifatbrasil.com.br\/es\/_programacao\/economia-circular-gestion-de-residuos\/","title":{"rendered":"Econom\u00eda circular &#038; gesti\u00f3n de residuos"},"featured_media":12407,"parent":0,"template":"","meta":{"_acf_changed":false,"data-hora":"2025-06-26T13:30","hora":"13:30 <br>-<br> 16:00","publico_alvo":"<p data-start=\"148\" data-end=\"212\">Profesionales, l\u00edderes del sector y tomadores de decisiones.<\/p>\n<p data-start=\"214\" data-end=\"454\">\n","objetivo":"<p data-start=\"214\" data-end=\"454\">Compartir experiencias de Brasil, Chile, Argentina, Italia y Alemania sobre gesti\u00f3n de residuos y econom\u00eda circular para residuos org\u00e1nicos, pl\u00e1sticos y textiles, abordando aspectos de mitigaci\u00f3n clim\u00e1tica, tecnol\u00f3gicos y de comportamiento.<\/p>\n<h3 data-start=\"461\" data-end=\"529\"><strong data-start=\"465\" data-end=\"527\">Sector de Residuos: Enfoque en Residuos Org\u00e1nicos y Metano<\/strong><\/h3>\n<p data-start=\"530\" data-end=\"573\"><strong data-start=\"530\" data-end=\"547\">13:30 \u2013 13:40<\/strong> \u2013 Conferencia de Apertura<\/p>\n<p data-start=\"575\" data-end=\"621\"><strong data-start=\"575\" data-end=\"592\">13:40 \u2013 14:55<\/strong> \u2013 Sesi\u00f3n de Presentaciones<\/p>\n<ul data-start=\"622\" data-end=\"1009\">\n<li data-start=\"622\" data-end=\"691\">\n<p data-start=\"624\" data-end=\"691\">La experiencia en recolecci\u00f3n selectiva y biog\u00e1s \u2013 R\u00edo de Janeiro<\/p>\n<\/li>\n<li data-start=\"692\" data-end=\"773\">\n<p data-start=\"694\" data-end=\"773\">Mitigaci\u00f3n de metano \u2013 Hecho en Alemania: de residuos org\u00e1nicos a combustible<\/p>\n<\/li>\n<li data-start=\"774\" data-end=\"865\">\n<p data-start=\"776\" data-end=\"865\">La experiencia italiana en recolecci\u00f3n selectiva y tratamiento de residuos alimentarios<\/p>\n<\/li>\n<li data-start=\"866\" data-end=\"906\">\n<p data-start=\"868\" data-end=\"906\">La experiencia chilena en compostaje<\/p>\n<\/li>\n<li data-start=\"907\" data-end=\"935\">\n<p data-start=\"909\" data-end=\"935\">La experiencia brasile\u00f1a<\/p>\n<\/li>\n<li data-start=\"936\" data-end=\"1009\">\n<p data-start=\"938\" data-end=\"1009\">Mitigaci\u00f3n de metano \u2013 Hecho en Alemania: marco de pol\u00edticas p\u00fablicas<\/p>\n<\/li>\n<\/ul>\n<h3 data-start=\"1016\" data-end=\"1097\"><strong data-start=\"1020\" data-end=\"1095\">Econom\u00eda Circular: Gestionando los Desaf\u00edos de los Pl\u00e1sticos y Textiles<\/strong><\/h3>\n<p data-start=\"1098\" data-end=\"1136\"><strong data-start=\"1098\" data-end=\"1115\">15:00 \u2013 16:00<\/strong> \u2013 Panel de Discusi\u00f3n<\/p>\n<p data-start=\"1138\" data-end=\"1205\"><strong data-start=\"1138\" data-end=\"1147\">16:00<\/strong> \u2013 Networking con especialistas y refrigerios | <strong data-start=\"1195\" data-end=\"1205\">ABREMA<\/strong><\/p>\n"},"palco":[142],"data":[140],"class_list":["post-11965","_programacao","type-_programacao","status-publish","has-post-thumbnail","hentry","palco-orange-stage","data-26-06"],"acf":[],"_links":{"self":[{"href":"https:\/\/ifatbrasil.com.br\/es\/wp-json\/wp\/v2\/_programacao\/11965","targetHints":{"allow":["GET"]}}],"collection":[{"href":"https:\/\/ifatbrasil.com.br\/es\/wp-json\/wp\/v2\/_programacao"}],"about":[{"href":"https:\/\/ifatbrasil.com.br\/es\/wp-json\/wp\/v2\/types\/_programacao"}],"wp:featuredmedia":[{"embeddable":true,"href":"https:\/\/ifatbrasil.com.br\/es\/wp-json\/wp\/v2\/media\/12407"}],"wp:attachment":[{"href":"https:\/\/ifatbrasil.com.br\/es\/wp-json\/wp\/v2\/media?parent=11965"}],"wp:term":[{"taxonomy":"palco","embeddable":true,"href":"https:\/\/ifatbrasil.com.br\/es\/wp-json\/wp\/v2\/palco?post=11965"},{"taxonomy":"data","embeddable":true,"href":"https:\/\/ifatbrasil.com.br\/es\/wp-json\/wp\/v2\/data?post=11965"}],"curies":[{"name":"wp","href":"https:\/\/api.w.org\/{rel}","templated":true}]}}